{"id":936,"date":"2019-05-24T14:00:41","date_gmt":"2019-05-24T11:00:41","guid":{"rendered":"http:\/\/literaturacomparata.ro\/aic\/?page_id=936"},"modified":"2020-10-19T13:17:38","modified_gmt":"2020-10-19T10:17:38","slug":"22-22018-memorie-si-uitare","status":"publish","type":"page","link":"https:\/\/literaturacomparata.ro\/aic\/?page_id=936&lang=ro","title":{"rendered":"22 (2\/2018) MEMORIE \u0218I UITARE"},"content":{"rendered":"<h3 style=\"text-align: left;\" align=\"center\"><strong>ACTA IASSYENSIA COMPARATIONIS, 22 (2\/2018)<br \/>\nMEMORIE \u0218I UITARE<br \/>\n<\/strong><\/h3>\n<hr>\n<h4 style=\"text-align: left;\" align=\"center\"><strong><a href=\"http:\/\/literaturacomparata.ro\/Site_Acta\/issues\/aic-22\/AIC%2022%20Full.pdf\"><img decoding=\"async\" loading=\"lazy\" class=\"alignleft wp-image-868 size-full\" src=\"http:\/\/literaturacomparata.ro\/aic\/wp-content\/uploads\/2016\/10\/00_Coperta1_22_Layout-1-s.jpg\" alt=\"\" width=\"212\" height=\"300\"><\/a>Cuprins<\/strong><\/h4>\n<p>&nbsp;<\/p>\n<p>Ana-Maria CORNIL\u0102 (NOROCEA)<br \/>\n<a href=\"http:\/\/literaturacomparata.ro\/Site_Acta\/issues\/aic-22\/01_Cornila_Layout%201.pdf\">Literatura \u2013 art\u0103 mnemonic\u0103<\/a><\/p>\n<p>Roxane PETIT-RASSELLE<br \/>\n<a href=\"http:\/\/literaturacomparata.ro\/Site_Acta\/issues\/aic-22\/02_PetitRasselle_Layout%201.pdf\">Le mythe litt\u00e9raire comme fait de m\u00e9moire<\/a><\/p>\n<p>Laurent BALAGU\u00c9<br \/>\n<a href=\"http:\/\/literaturacomparata.ro\/Site_Acta\/issues\/aic-22\/03_Balague_Layout%201.pdf\">La m\u00e9moire et le magma chez Claude Simon : jeu de la m\u00e9moire et de l\u2019oubli, jeu de la m\u00e9moire avec l\u2019imm\u00e9morial<\/a><\/p>\n<p>Sebastian DR\u0102GUL\u0102NESCU<br \/>\n<a href=\"http:\/\/literaturacomparata.ro\/Site_Acta\/issues\/aic-22\/04_Dragulanescu_Layout%201.pdf\">\u201eJurnalul\u201d lui Camil Petrescu \u2013 con\u015ftiin\u0163\u0103 a memoriei, memorie a con\u015ftiin\u0163ei<\/a><\/p>\n<p>Sifaki ARGYRO<br \/>\n<a href=\"http:\/\/literaturacomparata.ro\/Site_Acta\/issues\/aic-22\/05_Argyro_Layout%201.pdf\">La relation amoureuse dans le th\u00e9\u00e2tre de Jean Giraudoux: Entre m\u00e9moire et oubli<\/a><\/p>\n<p>Lavinia SIMILARU<br \/>\n<a href=\"http:\/\/literaturacomparata.ro\/Site_Acta\/issues\/aic-22\/06_Similaru_Layout%201.pdf\">Meandros de la memoria y del olvido en Fortunata y Jacinta de Benito P\u00e9rez Gald\u00f3s<\/a><\/p>\n<p>Th\u00e9r\u00e8se SAINT PAUL<br \/>\n<a href=\"http:\/\/literaturacomparata.ro\/Site_Acta\/issues\/aic-22\/07_SaintPaul_Layout%201.pdf\">De peur d\u2019oublier\u2026 r\u00e9alisme magique et m\u00e9moire dans Les Lieux de Xavier Hanotte<\/a><\/p>\n<p>Ana Maria ALVES<br \/>\n<a href=\"http:\/\/literaturacomparata.ro\/Site_Acta\/issues\/aic-22\/08_Alves_Layout%201.pdf\">Mot d\u2019ordre: Survivre M\u00e9moires de l\u2019exil m\u00e9diterran\u00e9en de l\u2019intelligentsia allemande<\/a><\/p>\n<p>Andrea GRASSI<br \/>\n<a href=\"http:\/\/literaturacomparata.ro\/Site_Acta\/issues\/aic-22\/09_Grassi_Layout%201.pdf\">Dalla volont\u00e0 \u00abdi fornire documenti per uno studio pacato di alcuni aspetti dell\u2019animo umano\u00bb al grido di dolore di Shem\u00e0. Per una lettura delle pagine iniziali di Se questo \u00e8 un uomo di Primo Levi<\/a><\/p>\n<p>Gr\u00e9gory DUBOIS<br \/>\n<a href=\"http:\/\/literaturacomparata.ro\/Site_Acta\/issues\/aic-22\/10_Dubois_Layout%201.pdf\">El olvido imposible: memoria y transmisi\u00f3n en Noticias felices en aviones de papel de Juan Mars\u00e9 y \u201cEl Cementerio de los Libros Olvidados\u201d de Carlos Ruiz Zaf\u00f3n<\/a><\/p>\n<p>Adama SAMAKE<br \/>\n<a href=\"http:\/\/literaturacomparata.ro\/Site_Acta\/issues\/aic-22\/11_Samake_Layout%201.pdf\">Discours litt\u00e9raire et historicit\u00e9 : l\u2019exemple de Monn\u00e8, Outrages et D\u00e9fis d\u2019Ahmadou Kourouma<\/a><\/p>\n<p>Romuald Valentin NKOUDA SOPGUI<br \/>\n<a href=\"http:\/\/literaturacomparata.ro\/Site_Acta\/issues\/aic-22\/12_Sopgui_Layout%201.pdf\">Fictions historiques et r\u00e9surgence de la m\u00e9moire coloniale franco-allemande au Cameroun. Le cas des Complaintes d\u2019un for\u00e7at d\u2019Henri-Richard Manga Mado et de Samba: trag\u00e9die coloniale en cinq actes de Paul Tchakout\u00e9<\/a><\/p>\n<p>Iris Pascual GUTI\u00c9RREZ<br \/>\n<a href=\"http:\/\/literaturacomparata.ro\/Site_Acta\/issues\/aic-22\/13_Gutierrez_Layout%201.pdf\">Memorias y olvidos en torno a la historia de M\u00e9xico: la Revoluci\u00f3n en la novela Los recuerdos del porvenir (Elena Garro, 1963) y su adaptaci\u00f3n cinematogr\u00e1fica (Arturo Ripstein, 1968)<\/a><\/p>\n<p>Atamena ABDELMALIK<br \/>\n<a href=\"http:\/\/literaturacomparata.ro\/Site_Acta\/issues\/aic-22\/14_Abdelmalik_Layout%201.pdf\">M\u00e9moire, oubli et qu\u00eate de v\u00e9rit\u00e9 dans l\u2019\u00e9criture po\u00e9tique et romanesque de H\u00e9di Bouraoui<\/a><\/p>\n<p>Bouna FAYE<br \/>\n<a href=\"http:\/\/literaturacomparata.ro\/Site_Acta\/issues\/aic-22\/15_Faye_Layout%201.pdf\">Repenser le legs historique et culturel dans Gar\u00e7on manqu\u00e9 de Nina Bouraoui<\/a><\/p>\n<p>Alina IORGA<br \/>\n<a href=\"http:\/\/literaturacomparata.ro\/Site_Acta\/issues\/aic-22\/16_Iorga_Layout%201.pdf\">Nostos, doliu \u015fi memorie critic\u0103 \u00een \u00centoarcerea huliganului de Norman Manea<\/a><\/p>\n<p>Corina-Gabriela B\u0102DELI\u0162\u0102<br \/>\n<a href=\"http:\/\/literaturacomparata.ro\/Site_Acta\/issues\/aic-22\/17_Badelita_Layout%201.pdf\">Le sfaccettature della memoria nell\u2019opera di Italo Calvino<\/a><\/p>\n<hr>\n<p><strong><a href=\"http:\/\/literaturacomparata.ro\/Site_Acta\/issues\/aic-22\/AIC%2022%20Full.pdf\">Issue 22<\/a> (PDF)<\/strong>.<\/p>\n","protected":false},"excerpt":{"rendered":"<p>ACTA IASSYENSIA COMPARATIONIS, 22 (2\/2018) MEMORIE \u0218I UITARE Cuprins &nbsp; Ana-Maria CORNIL\u0102 (NOROCEA) Literatura \u2013 art\u0103 mnemonic\u0103 Roxane PETIT-RASSELLE Le mythe litt\u00e9raire comme fait de m\u00e9moire Laurent BALAGU\u00c9 La m\u00e9moire et le magma chez Claude Simon : jeu de la m\u00e9moire et de l\u2019oubli, jeu de la m\u00e9moire avec l\u2019imm\u00e9morial Sebastian DR\u0102GUL\u0102NESCU \u201eJurnalul\u201d lui Camil &hellip; <a href=\"https:\/\/literaturacomparata.ro\/aic\/?page_id=936&#038;lang=ro\" class=\"more-link\">Continue reading <span class=\"screen-reader-text\">22 (2\/2018) MEMORIE \u0218I UITARE<\/span> <span class=\"meta-nav\">&rarr;<\/span><\/a><\/p>\n","protected":false},"author":1,"featured_media":0,"parent":293,"menu_order":96,"comment_status":"closed","ping_status":"closed","template":"","meta":[],"_links":{"self":[{"href":"https:\/\/literaturacomparata.ro\/aic\/index.php?rest_route=\/wp\/v2\/pages\/936"}],"collection":[{"href":"https:\/\/literaturacomparata.ro\/aic\/index.php?rest_route=\/wp\/v2\/pages"}],"about":[{"href":"https:\/\/literaturacomparata.ro\/aic\/index.php?rest_route=\/wp\/v2\/types\/page"}],"author":[{"embeddable":true,"href":"https:\/\/literaturacomparata.ro\/aic\/index.php?rest_route=\/wp\/v2\/users\/1"}],"replies":[{"embeddable":true,"href":"https:\/\/literaturacomparata.ro\/aic\/index.php?rest_route=%2Fwp%2Fv2%2Fcomments&post=936"}],"version-history":[{"count":2,"href":"https:\/\/literaturacomparata.ro\/aic\/index.php?rest_route=\/wp\/v2\/pages\/936\/revisions"}],"predecessor-version":[{"id":1305,"href":"https:\/\/literaturacomparata.ro\/aic\/index.php?rest_route=\/wp\/v2\/pages\/936\/revisions\/1305"}],"up":[{"embeddable":true,"href":"https:\/\/literaturacomparata.ro\/aic\/index.php?rest_route=\/wp\/v2\/pages\/293"}],"wp:attachment":[{"href":"https:\/\/literaturacomparata.ro\/aic\/index.php?rest_route=%2Fwp%2Fv2%2Fmedia&parent=936"}],"curies":[{"name":"wp","href":"https:\/\/api.w.org\/{rel}","templated":true}]}}