{"id":498,"date":"2017-09-11T12:41:50","date_gmt":"2017-09-11T09:41:50","guid":{"rendered":"http:\/\/literaturacomparata.ro\/aic\/?page_id=498"},"modified":"2017-09-11T16:43:16","modified_gmt":"2017-09-11T13:43:16","slug":"122013-cautari-cuceriri","status":"publish","type":"page","link":"https:\/\/literaturacomparata.ro\/aic\/?page_id=498&lang=ro","title":{"rendered":"12\/2013, C\u0102UT\u0102RI &#8211; CUCERIRI"},"content":{"rendered":"<h3>ACTA IASSYENSIA COMPARATIONIS, 12\/2013<br \/>\nC\u0102UT\u0102RI &#8211; CUCERIRI<\/h3>\n<hr \/>\n<h4 style=\"text-align: left;\" align=\"center\"><strong>Cuprins<\/strong><\/h4>\n<p><a href=\"http:\/\/www.literaturacomparata.ro\/Site_Acta\/Old\/acta12\/01.AIC_12_Avadanei.pdf\">DRAGO\u015e AV\u0102DANEI<\/a><br \/>\n<em>Frontier Crossing as a Literary Quest Metaphor<br \/>\n<\/em><br \/>\n<a href=\"http:\/\/www.literaturacomparata.ro\/Site_Acta\/Old\/acta12\/02.AIC_12_Manso.pdf\">JAVIER HELGUETA MANSO, ALEXANDRA CHERECHES<\/a><br \/>\n<em>El autorretrato po\u00e9tico como itinerario ontol\u00f3gico: Lucian Blaga y Antonio Machado<\/em><\/p>\n<p><a href=\"http:\/\/www.literaturacomparata.ro\/Site_Acta\/Old\/acta12\/03.AIC_12_Tiollier.pdf\">EMILIE TIOLLIER-AQAJANI<\/a><br \/>\nLa L\u00e9gende des si\u00e8cles<em> de Victor Hugo\u00a0: la qu<\/em><em>\u00ea<\/em><em>te identitaire<br \/>\n<\/em><br \/>\n<a href=\"http:\/\/www.literaturacomparata.ro\/Site_Acta\/Old\/acta12\/04.AIC_12_Mirea.pdf\">DANIELA MIREA<\/a><br \/>\n<em>Le complexe du Graal. Qu\u00eate et errance dans les fictions de Mircea Eliade et de\u00a0 Michel Tournier<br \/>\n<\/em><br \/>\n<a href=\"http:\/\/www.literaturacomparata.ro\/Site_Acta\/Old\/acta12\/05.AIC_12_Fulbert.pdf\">KOFFI LOUKOU FULBERT<\/a><br \/>\n<em>L\u2019Itin\u00e9raire des h\u00e9ros zadiens\u00a0: une qu\u00eate initiatique<br \/>\n<\/em><br \/>\n<a href=\"http:\/\/www.literaturacomparata.ro\/Site_Acta\/Old\/acta12\/06.AIC_12_Konan.pdf\">LAMBERT YAO KONAN<\/a><br \/>\n<em>Qu\u00eate et conqu\u00eate du pouvoir politique\u00a0ou l\u2019itineraire extraordinaire du h\u00e9ros dans <\/em>L\u2019\u00c9pop\u00e9e mandingue<em> de Djibril Tamsir Niane<br \/>\n<\/em><br \/>\n<a href=\"http:\/\/www.literaturacomparata.ro\/Site_Acta\/Old\/acta12\/07.AIC_12_Ojica.pdf\">SIMONA MARIA OJIC\u0102<\/a><br \/>\nHobbitul <em>\u2013 aventura c<\/em><em>\u0103l\u0103toriei ini\u0163iatice<br \/>\n<\/em><br \/>\n<a href=\"http:\/\/www.literaturacomparata.ro\/Site_Acta\/Old\/acta12\/08.AIC_12_Awitor.pdf\">FRANCIS ETS\u00c9 AWITOR<\/a><br \/>\n<em>The Quest for Social Justice in Meja Mwangi\u2019s<\/em> The Cockroach Dance<\/p>\n<p><a href=\"http:\/\/www.literaturacomparata.ro\/Site_Acta\/Old\/acta12\/09.AIC_12_Legrand.pdf\">GA\u00cbLLE FOUR\u00c8S-LEGRAND<\/a><br \/>\n<em>Qu\u00eate, conqu\u00eate et reconqu\u00eate\u00a0: le voyage aux Indes Orientales du premier armement mixte fran\u00e7ais, 1690-1691<br \/>\n<\/em><br \/>\n<a href=\"http:\/\/www.literaturacomparata.ro\/Site_Acta\/Old\/acta12\/10.AIC_12_Titei.pdf\">ALINA \u0162I\u0162EI<\/a><br \/>\n<em>\u00bfQui\u00e9nes somos y ad\u00f3nde vamos?<\/em> <em>Pesquisas y conquistas identitarias en el Nuevo Mundo<br \/>\n<\/em><br \/>\n<a href=\"http:\/\/www.literaturacomparata.ro\/Site_Acta\/Old\/acta12\/11.AIC_12_Soumahoro.pdf\">SINDOU SOUMAHORO<\/a><br \/>\n<em>The Twilight of Conquering Heroes in <\/em>The Sun Also Rises<\/p>\n<p><a href=\"http:\/\/www.literaturacomparata.ro\/Site_Acta\/Old\/acta12\/12.AIC_12_Samake.pdf\">ADAMA SAMAKE<\/a><br \/>\n<em>Litt\u00e9rature et soci\u00e9t\u00e9\u00a0: La dialectique du pouvoir et de la nation dans <\/em>La Bible et le fusil<em> de Maurice Bandaman<\/em><\/p>\n<p><a href=\"http:\/\/www.literaturacomparata.ro\/Site_Acta\/Old\/acta12\/13.AIC_12_NGuessan.pdf\">KOUADIO GERMAIN N\u2019GUESSAN<\/a><em><br \/>\nPostcolonialism and the Quest for an Independent Self: Which Voice for the Subaltern?<\/em><\/p>\n<p><a href=\"http:\/\/www.literaturacomparata.ro\/Site_Acta\/Old\/acta12\/14.AIC_12_Spanu.pdf\">PETRU\u0162A SP\u00c2NU<\/a><em><br \/>\nQu\u00eate\u00a0\u2013 enqu\u00eate\u00a0\u2013 conqu\u00eate\u00a0: Maigret<\/em><\/p>\n<p><a href=\"http:\/\/www.literaturacomparata.ro\/Site_Acta\/Old\/acta12\/15.AIC_12_Gury.pdf\">JEAN-PHILIPPE GURY<\/a><em><br \/>\n<\/em><em>Meurtre et \u00e9pop\u00e9es maritimes : <\/em><em>qu\u00eate, conqu\u00eate et enqu\u00eate dans l\u2019\u0153uvre polici\u00e8re de Ren\u00e9 Madec<\/em><\/p>\n<p><a href=\"http:\/\/www.literaturacomparata.ro\/Site_Acta\/Old\/acta12\/16.AIC_12_Patras.pdf\">ROXANA PATRA\u015e<br \/>\n<\/a>Giovanni Magliocco, <em>Il circolo letterario di Sibiu. Manierismo e poetica del mito nell\u2019opera di Radu Stanca<\/em><\/p>\n<p><a href=\"http:\/\/www.literaturacomparata.ro\/Site_Acta\/Old\/acta12\/17.AIC_12_Iacob.pdf\">LIVIA IACOB<\/a><em><a href=\"http:\/\/www.literaturacomparata.ro\/Site_Acta\/arhiva\/PDF\/Numar%20curent\/16.AIC_12_Patras.pdf\"><br \/>\n<\/a><\/em>Czes\u0142aw Grzesiak (coord.)<em>, Visages de la vieillesse dans les litt\u00e9ratures fran\u00e7aise et francophone<\/em><\/p>\n","protected":false},"excerpt":{"rendered":"<p>ACTA IASSYENSIA COMPARATIONIS, 12\/2013 C\u0102UT\u0102RI &#8211; CUCERIRI Cuprins DRAGO\u015e AV\u0102DANEI Frontier Crossing as a Literary Quest Metaphor JAVIER HELGUETA MANSO, ALEXANDRA CHERECHES El autorretrato po\u00e9tico como itinerario ontol\u00f3gico: Lucian Blaga y Antonio Machado EMILIE TIOLLIER-AQAJANI La L\u00e9gende des si\u00e8cles de Victor Hugo\u00a0: la qu\u00eate identitaire DANIELA MIREA Le complexe du Graal. Qu\u00eate et errance dans &hellip; <a href=\"https:\/\/literaturacomparata.ro\/aic\/?page_id=498&#038;lang=ro\" class=\"more-link\">Continue reading <span class=\"screen-reader-text\">12\/2013, C\u0102UT\u0102RI &#8211; CUCERIRI<\/span> <span class=\"meta-nav\">&rarr;<\/span><\/a><\/p>\n","protected":false},"author":1,"featured_media":0,"parent":293,"menu_order":106,"comment_status":"closed","ping_status":"closed","template":"","meta":[],"_links":{"self":[{"href":"https:\/\/literaturacomparata.ro\/aic\/index.php?rest_route=\/wp\/v2\/pages\/498"}],"collection":[{"href":"https:\/\/literaturacomparata.ro\/aic\/index.php?rest_route=\/wp\/v2\/pages"}],"about":[{"href":"https:\/\/literaturacomparata.ro\/aic\/index.php?rest_route=\/wp\/v2\/types\/page"}],"author":[{"embeddable":true,"href":"https:\/\/literaturacomparata.ro\/aic\/index.php?rest_route=\/wp\/v2\/users\/1"}],"replies":[{"embeddable":true,"href":"https:\/\/literaturacomparata.ro\/aic\/index.php?rest_route=%2Fwp%2Fv2%2Fcomments&post=498"}],"version-history":[{"count":1,"href":"https:\/\/literaturacomparata.ro\/aic\/index.php?rest_route=\/wp\/v2\/pages\/498\/revisions"}],"predecessor-version":[{"id":500,"href":"https:\/\/literaturacomparata.ro\/aic\/index.php?rest_route=\/wp\/v2\/pages\/498\/revisions\/500"}],"up":[{"embeddable":true,"href":"https:\/\/literaturacomparata.ro\/aic\/index.php?rest_route=\/wp\/v2\/pages\/293"}],"wp:attachment":[{"href":"https:\/\/literaturacomparata.ro\/aic\/index.php?rest_route=%2Fwp%2Fv2%2Fmedia&parent=498"}],"curies":[{"name":"wp","href":"https:\/\/api.w.org\/{rel}","templated":true}]}}